{"id":482,"date":"2021-03-23T14:06:33","date_gmt":"2021-03-23T12:06:33","guid":{"rendered":"https:\/\/www.asemakustannus.com\/kauppa\/?post_type=product&#038;p=482"},"modified":"2021-09-10T14:46:45","modified_gmt":"2021-09-10T11:46:45","slug":"mika-lietzen-mina-olen-saari","status":"publish","type":"product","link":"https:\/\/www.asemakustannus.com\/kauppa\/tuote\/mika-lietzen-mina-olen-saari\/","title":{"rendered":"Mika Lietz\u00e9n: Min\u00e4 olen saari"},"content":{"rendered":"<p>72 sivua | mustavalkoinen | pehme\u00e4kantinen<\/p>\n<p>Asema 2018<\/p>\n<p>ISBN 978-952-5909-21-0<\/p>\n<p>Jossakin l\u00e4nness\u00e4 on kivinen saari. Ennen niin menestynyt yhteis\u00f6 on kuihtunut, asukkaat ovat muuttaneet mantereelle ja tuotantolaitosten koneet on siirretty Kiinaan.<\/p>\n<p>Kun kaikki muut l\u00e4htiv\u00e4t, h\u00e4n j\u00e4i. Nyt h\u00e4n autoilee yksin\u00a0koti saarensa pimeit\u00e4 katuja ja uneksii Las Vegasin kirkkaista valoista. Matkalla nopeasti ei minnek\u00e4\u00e4n. Mutta t\u00e4n\u00e4\u00e4n h\u00e4nen el\u00e4m\u00e4ns\u00e4 muuttuu.<\/p>\n<p>Saari on her\u00e4\u00e4m\u00e4ss\u00e4. Tuhansia vuosia vanhat myytit ja legendat kurkottavat kyntens\u00e4 nykyp\u00e4iv\u00e4\u00e4n ja repiv\u00e4t p\u00e4\u00e4henkil\u00f6n mukaansa. Kivet ja juuret janoavat verta.<\/p>\n<p><em>Min\u00e4 olen saari<\/em>\u00a0on sekoitus rikoskertomusta ja pakanallista kauhua, realistinen kuvaus yhden ihmisen sy\u00f6ksykierteest\u00e4, josta ei ole poisp\u00e4\u00e4sy\u00e4. Se\u00a0on kuvaus yhteiskunnan reunalta, miss\u00e4 ep\u00e4toivoiset ihmiset sortuvat ep\u00e4toivoisiin tekoihin.<\/p>\n<p><strong>Mika Lietz\u00e9n<\/strong>\u00a0(s. 1974) on edelleen turkulainen sarjakuvantekij\u00e4. H\u00e4n on ollut kolmasti Sarjakuva-Finlandia -ehdokkaana.<\/p>\n","protected":false},"excerpt":{"rendered":"<p>72 sivua | mustavalkoinen | pehme\u00e4kantinen Asema 2018 ISBN 978-952-5909-21-0 Jossakin l\u00e4nness\u00e4 on kivinen saari. Ennen niin menestynyt yhteis\u00f6 on kuihtunut, asukkaat ovat muuttaneet mantereelle ja tuotantolaitosten koneet on siirretty Kiinaan. Kun kaikki muut l\u00e4htiv\u00e4t, h\u00e4n j\u00e4i. Nyt h\u00e4n autoilee yksin\u00a0koti saarensa pimeit\u00e4 katuja ja uneksii Las Vegasin kirkkaista valoista. Matkalla nopeasti ei minnek\u00e4\u00e4n. Mutta [&hellip;]<\/p>\n","protected":false},"featured_media":130,"template":"","meta":[],"product_brand":[],"product_cat":[38],"product_tag":[48],"class_list":{"0":"post-482","1":"product","2":"type-product","3":"status-publish","4":"has-post-thumbnail","6":"product_cat-kirjat","7":"product_tag-mika-lietzen","8":"product_shipping_class-s-paketti","10":"first","11":"instock","12":"shipping-taxable","13":"purchasable","14":"product-type-simple"},"yoast_head":"<!-- This site is optimized with the Yoast SEO plugin v27.3 - https:\/\/yoast.com\/product\/yoast-seo-wordpress\/ -->\n<title>Mika Lietz\u00e9n: Min\u00e4 olen saari - Asema Kustannus<\/title>\n<meta name=\"robots\" content=\"index, follow, max-snippet:-1, max-image-preview:large, max-video-preview:-1\" \/>\n<link rel=\"canonical\" href=\"https:\/\/www.asemakustannus.com\/kauppa\/tuote\/mika-lietzen-mina-olen-saari\/\" \/>\n<meta property=\"og:locale\" content=\"fi_FI\" \/>\n<meta property=\"og:type\" content=\"article\" \/>\n<meta property=\"og:title\" content=\"Mika Lietz\u00e9n: Min\u00e4 olen saari - Asema Kustannus\" \/>\n<meta property=\"og:description\" content=\"72 sivua | mustavalkoinen | pehme\u00e4kantinen Asema 2018 ISBN 978-952-5909-21-0 Jossakin l\u00e4nness\u00e4 on kivinen saari. Ennen niin menestynyt yhteis\u00f6 on kuihtunut, asukkaat ovat muuttaneet mantereelle ja tuotantolaitosten koneet on siirretty Kiinaan. Kun kaikki muut l\u00e4htiv\u00e4t, h\u00e4n j\u00e4i. Nyt h\u00e4n autoilee yksin\u00a0koti saarensa pimeit\u00e4 katuja ja uneksii Las Vegasin kirkkaista valoista. Matkalla nopeasti ei minnek\u00e4\u00e4n. Mutta [&hellip;]\" \/>\n<meta property=\"og:url\" content=\"https:\/\/www.asemakustannus.com\/kauppa\/tuote\/mika-lietzen-mina-olen-saari\/\" \/>\n<meta property=\"og:site_name\" content=\"Asema Kustannus\" \/>\n<meta property=\"article:publisher\" content=\"https:\/\/www.facebook.com\/asemakustannus\" \/>\n<meta property=\"article:modified_time\" content=\"2021-09-10T11:46:45+00:00\" \/>\n<meta property=\"og:image\" content=\"https:\/\/www.asemakustannus.com\/kauppa\/wp-content\/uploads\/2021\/02\/mina_olen_saari_1000px.jpg\" \/>\n\t<meta property=\"og:image:width\" content=\"1000\" \/>\n\t<meta property=\"og:image:height\" content=\"1429\" \/>\n\t<meta property=\"og:image:type\" content=\"image\/jpeg\" \/>\n<meta name=\"twitter:card\" content=\"summary_large_image\" \/>\n<meta name=\"twitter:site\" content=\"@asemakustannus\" \/>\n<meta name=\"twitter:label1\" content=\"Arvioitu lukuaika\" \/>\n\t<meta name=\"twitter:data1\" content=\"1 minuutti\" \/>\n<script type=\"application\/ld+json\" class=\"yoast-schema-graph\">{\"@context\":\"https:\\\/\\\/schema.org\",\"@graph\":[{\"@type\":\"WebPage\",\"@id\":\"https:\\\/\\\/www.asemakustannus.com\\\/kauppa\\\/tuote\\\/mika-lietzen-mina-olen-saari\\\/\",\"url\":\"https:\\\/\\\/www.asemakustannus.com\\\/kauppa\\\/tuote\\\/mika-lietzen-mina-olen-saari\\\/\",\"name\":\"Mika Lietz\u00e9n: Min\u00e4 olen saari - Asema Kustannus\",\"isPartOf\":{\"@id\":\"https:\\\/\\\/www.asemakustannus.com\\\/kauppa\\\/#website\"},\"primaryImageOfPage\":{\"@id\":\"https:\\\/\\\/www.asemakustannus.com\\\/kauppa\\\/tuote\\\/mika-lietzen-mina-olen-saari\\\/#primaryimage\"},\"image\":{\"@id\":\"https:\\\/\\\/www.asemakustannus.com\\\/kauppa\\\/tuote\\\/mika-lietzen-mina-olen-saari\\\/#primaryimage\"},\"thumbnailUrl\":\"https:\\\/\\\/i0.wp.com\\\/www.asemakustannus.com\\\/kauppa\\\/wp-content\\\/uploads\\\/2021\\\/02\\\/mina_olen_saari_1000px.jpg?fit=1000%2C1429&ssl=1\",\"datePublished\":\"2021-03-23T12:06:33+00:00\",\"dateModified\":\"2021-09-10T11:46:45+00:00\",\"breadcrumb\":{\"@id\":\"https:\\\/\\\/www.asemakustannus.com\\\/kauppa\\\/tuote\\\/mika-lietzen-mina-olen-saari\\\/#breadcrumb\"},\"inLanguage\":\"fi\",\"potentialAction\":[{\"@type\":\"ReadAction\",\"target\":[\"https:\\\/\\\/www.asemakustannus.com\\\/kauppa\\\/tuote\\\/mika-lietzen-mina-olen-saari\\\/\"]}]},{\"@type\":\"ImageObject\",\"inLanguage\":\"fi\",\"@id\":\"https:\\\/\\\/www.asemakustannus.com\\\/kauppa\\\/tuote\\\/mika-lietzen-mina-olen-saari\\\/#primaryimage\",\"url\":\"https:\\\/\\\/i0.wp.com\\\/www.asemakustannus.com\\\/kauppa\\\/wp-content\\\/uploads\\\/2021\\\/02\\\/mina_olen_saari_1000px.jpg?fit=1000%2C1429&ssl=1\",\"contentUrl\":\"https:\\\/\\\/i0.wp.com\\\/www.asemakustannus.com\\\/kauppa\\\/wp-content\\\/uploads\\\/2021\\\/02\\\/mina_olen_saari_1000px.jpg?fit=1000%2C1429&ssl=1\",\"width\":1000,\"height\":1429},{\"@type\":\"BreadcrumbList\",\"@id\":\"https:\\\/\\\/www.asemakustannus.com\\\/kauppa\\\/tuote\\\/mika-lietzen-mina-olen-saari\\\/#breadcrumb\",\"itemListElement\":[{\"@type\":\"ListItem\",\"position\":1,\"name\":\"Home\",\"item\":\"https:\\\/\\\/www.asemakustannus.com\\\/kauppa\\\/\"},{\"@type\":\"ListItem\",\"position\":2,\"name\":\"Kauppa\",\"item\":\"https:\\\/\\\/www.asemakustannus.com\\\/kauppa\\\/kauppa\\\/\"},{\"@type\":\"ListItem\",\"position\":3,\"name\":\"Mika Lietz\u00e9n: Min\u00e4 olen saari\"}]},{\"@type\":\"WebSite\",\"@id\":\"https:\\\/\\\/www.asemakustannus.com\\\/kauppa\\\/#website\",\"url\":\"https:\\\/\\\/www.asemakustannus.com\\\/kauppa\\\/\",\"name\":\"Asema Kustannus\",\"description\":\"Sarjakuvakauppa\",\"publisher\":{\"@id\":\"https:\\\/\\\/www.asemakustannus.com\\\/kauppa\\\/#organization\"},\"potentialAction\":[{\"@type\":\"SearchAction\",\"target\":{\"@type\":\"EntryPoint\",\"urlTemplate\":\"https:\\\/\\\/www.asemakustannus.com\\\/kauppa\\\/?s={search_term_string}\"},\"query-input\":{\"@type\":\"PropertyValueSpecification\",\"valueRequired\":true,\"valueName\":\"search_term_string\"}}],\"inLanguage\":\"fi\"},{\"@type\":\"Organization\",\"@id\":\"https:\\\/\\\/www.asemakustannus.com\\\/kauppa\\\/#organization\",\"name\":\"Asema Kustannus\",\"url\":\"https:\\\/\\\/www.asemakustannus.com\\\/kauppa\\\/\",\"logo\":{\"@type\":\"ImageObject\",\"inLanguage\":\"fi\",\"@id\":\"https:\\\/\\\/www.asemakustannus.com\\\/kauppa\\\/#\\\/schema\\\/logo\\\/image\\\/\",\"url\":\"https:\\\/\\\/www.asemakustannus.com\\\/kauppa\\\/wp-content\\\/uploads\\\/2021\\\/09\\\/181007768_141578281313342_8780310787852686686_n-1.jpeg\",\"contentUrl\":\"https:\\\/\\\/www.asemakustannus.com\\\/kauppa\\\/wp-content\\\/uploads\\\/2021\\\/09\\\/181007768_141578281313342_8780310787852686686_n-1.jpeg\",\"width\":300,\"height\":333,\"caption\":\"Asema Kustannus\"},\"image\":{\"@id\":\"https:\\\/\\\/www.asemakustannus.com\\\/kauppa\\\/#\\\/schema\\\/logo\\\/image\\\/\"},\"sameAs\":[\"https:\\\/\\\/www.facebook.com\\\/asemakustannus\",\"https:\\\/\\\/x.com\\\/asemakustannus\",\"https:\\\/\\\/www.instagram.com\\\/asemakustannus\\\/\"]}]}<\/script>\n<!-- \/ Yoast SEO plugin. -->","yoast_head_json":{"title":"Mika Lietz\u00e9n: Min\u00e4 olen saari - Asema Kustannus","robots":{"index":"index","follow":"follow","max-snippet":"max-snippet:-1","max-image-preview":"max-image-preview:large","max-video-preview":"max-video-preview:-1"},"canonical":"https:\/\/www.asemakustannus.com\/kauppa\/tuote\/mika-lietzen-mina-olen-saari\/","og_locale":"fi_FI","og_type":"article","og_title":"Mika Lietz\u00e9n: Min\u00e4 olen saari - Asema Kustannus","og_description":"72 sivua | mustavalkoinen | pehme\u00e4kantinen Asema 2018 ISBN 978-952-5909-21-0 Jossakin l\u00e4nness\u00e4 on kivinen saari. Ennen niin menestynyt yhteis\u00f6 on kuihtunut, asukkaat ovat muuttaneet mantereelle ja tuotantolaitosten koneet on siirretty Kiinaan. Kun kaikki muut l\u00e4htiv\u00e4t, h\u00e4n j\u00e4i. Nyt h\u00e4n autoilee yksin\u00a0koti saarensa pimeit\u00e4 katuja ja uneksii Las Vegasin kirkkaista valoista. Matkalla nopeasti ei minnek\u00e4\u00e4n. Mutta [&hellip;]","og_url":"https:\/\/www.asemakustannus.com\/kauppa\/tuote\/mika-lietzen-mina-olen-saari\/","og_site_name":"Asema Kustannus","article_publisher":"https:\/\/www.facebook.com\/asemakustannus","article_modified_time":"2021-09-10T11:46:45+00:00","og_image":[{"width":1000,"height":1429,"url":"https:\/\/www.asemakustannus.com\/kauppa\/wp-content\/uploads\/2021\/02\/mina_olen_saari_1000px.jpg","type":"image\/jpeg"}],"twitter_card":"summary_large_image","twitter_site":"@asemakustannus","twitter_misc":{"Arvioitu lukuaika":"1 minuutti"},"schema":{"@context":"https:\/\/schema.org","@graph":[{"@type":"WebPage","@id":"https:\/\/www.asemakustannus.com\/kauppa\/tuote\/mika-lietzen-mina-olen-saari\/","url":"https:\/\/www.asemakustannus.com\/kauppa\/tuote\/mika-lietzen-mina-olen-saari\/","name":"Mika Lietz\u00e9n: Min\u00e4 olen saari - Asema Kustannus","isPartOf":{"@id":"https:\/\/www.asemakustannus.com\/kauppa\/#website"},"primaryImageOfPage":{"@id":"https:\/\/www.asemakustannus.com\/kauppa\/tuote\/mika-lietzen-mina-olen-saari\/#primaryimage"},"image":{"@id":"https:\/\/www.asemakustannus.com\/kauppa\/tuote\/mika-lietzen-mina-olen-saari\/#primaryimage"},"thumbnailUrl":"https:\/\/i0.wp.com\/www.asemakustannus.com\/kauppa\/wp-content\/uploads\/2021\/02\/mina_olen_saari_1000px.jpg?fit=1000%2C1429&ssl=1","datePublished":"2021-03-23T12:06:33+00:00","dateModified":"2021-09-10T11:46:45+00:00","breadcrumb":{"@id":"https:\/\/www.asemakustannus.com\/kauppa\/tuote\/mika-lietzen-mina-olen-saari\/#breadcrumb"},"inLanguage":"fi","potentialAction":[{"@type":"ReadAction","target":["https:\/\/www.asemakustannus.com\/kauppa\/tuote\/mika-lietzen-mina-olen-saari\/"]}]},{"@type":"ImageObject","inLanguage":"fi","@id":"https:\/\/www.asemakustannus.com\/kauppa\/tuote\/mika-lietzen-mina-olen-saari\/#primaryimage","url":"https:\/\/i0.wp.com\/www.asemakustannus.com\/kauppa\/wp-content\/uploads\/2021\/02\/mina_olen_saari_1000px.jpg?fit=1000%2C1429&ssl=1","contentUrl":"https:\/\/i0.wp.com\/www.asemakustannus.com\/kauppa\/wp-content\/uploads\/2021\/02\/mina_olen_saari_1000px.jpg?fit=1000%2C1429&ssl=1","width":1000,"height":1429},{"@type":"BreadcrumbList","@id":"https:\/\/www.asemakustannus.com\/kauppa\/tuote\/mika-lietzen-mina-olen-saari\/#breadcrumb","itemListElement":[{"@type":"ListItem","position":1,"name":"Home","item":"https:\/\/www.asemakustannus.com\/kauppa\/"},{"@type":"ListItem","position":2,"name":"Kauppa","item":"https:\/\/www.asemakustannus.com\/kauppa\/kauppa\/"},{"@type":"ListItem","position":3,"name":"Mika Lietz\u00e9n: Min\u00e4 olen saari"}]},{"@type":"WebSite","@id":"https:\/\/www.asemakustannus.com\/kauppa\/#website","url":"https:\/\/www.asemakustannus.com\/kauppa\/","name":"Asema Kustannus","description":"Sarjakuvakauppa","publisher":{"@id":"https:\/\/www.asemakustannus.com\/kauppa\/#organization"},"potentialAction":[{"@type":"SearchAction","target":{"@type":"EntryPoint","urlTemplate":"https:\/\/www.asemakustannus.com\/kauppa\/?s={search_term_string}"},"query-input":{"@type":"PropertyValueSpecification","valueRequired":true,"valueName":"search_term_string"}}],"inLanguage":"fi"},{"@type":"Organization","@id":"https:\/\/www.asemakustannus.com\/kauppa\/#organization","name":"Asema Kustannus","url":"https:\/\/www.asemakustannus.com\/kauppa\/","logo":{"@type":"ImageObject","inLanguage":"fi","@id":"https:\/\/www.asemakustannus.com\/kauppa\/#\/schema\/logo\/image\/","url":"https:\/\/www.asemakustannus.com\/kauppa\/wp-content\/uploads\/2021\/09\/181007768_141578281313342_8780310787852686686_n-1.jpeg","contentUrl":"https:\/\/www.asemakustannus.com\/kauppa\/wp-content\/uploads\/2021\/09\/181007768_141578281313342_8780310787852686686_n-1.jpeg","width":300,"height":333,"caption":"Asema Kustannus"},"image":{"@id":"https:\/\/www.asemakustannus.com\/kauppa\/#\/schema\/logo\/image\/"},"sameAs":["https:\/\/www.facebook.com\/asemakustannus","https:\/\/x.com\/asemakustannus","https:\/\/www.instagram.com\/asemakustannus\/"]}]}},"jetpack_sharing_enabled":true,"_links":{"self":[{"href":"https:\/\/www.asemakustannus.com\/kauppa\/wp-json\/wp\/v2\/product\/482","targetHints":{"allow":["GET"]}}],"collection":[{"href":"https:\/\/www.asemakustannus.com\/kauppa\/wp-json\/wp\/v2\/product"}],"about":[{"href":"https:\/\/www.asemakustannus.com\/kauppa\/wp-json\/wp\/v2\/types\/product"}],"wp:featuredmedia":[{"embeddable":true,"href":"https:\/\/www.asemakustannus.com\/kauppa\/wp-json\/wp\/v2\/media\/130"}],"wp:attachment":[{"href":"https:\/\/www.asemakustannus.com\/kauppa\/wp-json\/wp\/v2\/media?parent=482"}],"wp:term":[{"taxonomy":"product_brand","embeddable":true,"href":"https:\/\/www.asemakustannus.com\/kauppa\/wp-json\/wp\/v2\/product_brand?post=482"},{"taxonomy":"product_cat","embeddable":true,"href":"https:\/\/www.asemakustannus.com\/kauppa\/wp-json\/wp\/v2\/product_cat?post=482"},{"taxonomy":"product_tag","embeddable":true,"href":"https:\/\/www.asemakustannus.com\/kauppa\/wp-json\/wp\/v2\/product_tag?post=482"}],"curies":[{"name":"wp","href":"https:\/\/api.w.org\/{rel}","templated":true}]}}