{"id":968,"date":"2026-04-27T17:12:26","date_gmt":"2026-04-27T14:12:26","guid":{"rendered":"https:\/\/www.asemakustannus.com\/kauppa\/?post_type=product&#038;p=968"},"modified":"2026-04-27T17:22:36","modified_gmt":"2026-04-27T14:22:36","slug":"mika-lietzen-jarven-rannalla-radan-varrella","status":"publish","type":"product","link":"https:\/\/www.asemakustannus.com\/kauppa\/tuote\/mika-lietzen-jarven-rannalla-radan-varrella\/","title":{"rendered":"Mika Lietzen: J\u00e4rven rannalla, radan varrella"},"content":{"rendered":"<p>Mika Lietzen: J\u00e4rven rannalla, radan varrella &#8211; j\u00e4rvenp\u00e4\u00e4l\u00e4isten tarina<\/p>\n<p>88 sivua | v\u00e4rillinen | sidottu | 205 x 275 mm<\/p>\n<p>Bjarne Westermarck -yhdistys, 2026<\/p>\n<p>ISBN 978-952-8818-12-0<\/p>\n<p>75 vuotta sitten J\u00e4rvenp\u00e4\u00e4n kyl\u00e4 aloitti matkansa nykyiseksi kaupungiksi. Mutta tarina alkoi jo aiemmin. T\u00e4m\u00e4 on kertomus siit\u00e4, miten er\u00e4maa muuttui asutuksi. Maatalouden uudistajasta, josta tuli taajaman rakentaja. Sinnikkyydest\u00e4, jonka seurauksena entisille pelloille nousi elinvoimainen yhdyskunta. Yritteli\u00e4isyydest\u00e4, joka synnytti ty\u00f6t\u00e4 ja osaamista. Inspiraatiosta, joka loi taidetta, sykett\u00e4 ja sinfoniaa. Ihmisist\u00e4, jotka rakensivat el\u00e4m\u00e4ns\u00e4 ja kotinsa t\u00e4nne j\u00e4rven rannalle, radan varrelle. T\u00e4m\u00e4 on j\u00e4rvenp\u00e4\u00e4l\u00e4isten tarina.<\/p>\n<p>Bjarne Westermarck -yhdistyksen tilaama sarjakuvateos juhlistaa J\u00e4rvenp\u00e4\u00e4n kaupungin 75-vuotisjuhlavuotta.<\/p>\n<p>Ilmestyy 7.5.2026, toimitus alkaen 10.5.2026.<\/p>\n","protected":false},"excerpt":{"rendered":"<p>Mika Lietzen: J\u00e4rven rannalla, radan varrella &#8211; j\u00e4rvenp\u00e4\u00e4l\u00e4isten tarina 88 sivua | v\u00e4rillinen | sidottu | 205 x 275 mm Bjarne Westermarck -yhdistys, 2026 ISBN 978-952-8818-12-0 75 vuotta sitten J\u00e4rvenp\u00e4\u00e4n kyl\u00e4 aloitti matkansa nykyiseksi kaupungiksi. Mutta tarina alkoi jo aiemmin. T\u00e4m\u00e4 on kertomus siit\u00e4, miten er\u00e4maa muuttui asutuksi. Maatalouden uudistajasta, josta tuli taajaman rakentaja. Sinnikkyydest\u00e4, [&hellip;]<\/p>\n","protected":false},"featured_media":969,"template":"","meta":[],"product_brand":[],"product_cat":[38,15],"product_tag":[48],"class_list":{"0":"post-968","1":"product","2":"type-product","3":"status-publish","4":"has-post-thumbnail","6":"product_cat-kirjat","7":"product_cat-yleinen","8":"product_tag-mika-lietzen","9":"product_shipping_class-xxspaketti","11":"first","12":"instock","13":"shipping-taxable","14":"purchasable","15":"product-type-simple"},"yoast_head":"<!-- This site is optimized with the Yoast SEO plugin v27.3 - https:\/\/yoast.com\/product\/yoast-seo-wordpress\/ -->\n<title>Mika Lietzen: J\u00e4rven rannalla, radan varrella - Asema Kustannus<\/title>\n<meta name=\"description\" content=\"75 vuotta sitten J\u00e4rvenp\u00e4\u00e4n kyl\u00e4 aloitti matkansa nykyiseksi kaupungiksi. Mutta tarina alkoi jo aiemmin. T\u00e4m\u00e4 on kertomus siit\u00e4, miten er\u00e4maa muuttui asutuksi. Maatalouden uudistajasta, josta tuli taajaman rakentaja. Sinnikkyydest\u00e4, jonka seurauksena entisille pelloille nousi elinvoimainen yhdyskunta. Yritteli\u00e4isyydest\u00e4, joka synnytti ty\u00f6t\u00e4 ja osaamista. Inspiraatiosta, joka loi taidetta, sykett\u00e4 ja sinfoniaa. Ihmisist\u00e4, jotka rakensivat el\u00e4m\u00e4ns\u00e4 ja kotinsa t\u00e4nne j\u00e4rven rannalle, radan varrelle. T\u00e4m\u00e4 on j\u00e4rvenp\u00e4\u00e4l\u00e4isten tarina.\" \/>\n<meta name=\"robots\" content=\"index, follow, max-snippet:-1, max-image-preview:large, max-video-preview:-1\" \/>\n<link rel=\"canonical\" href=\"https:\/\/www.asemakustannus.com\/kauppa\/tuote\/mika-lietzen-jarven-rannalla-radan-varrella\/\" \/>\n<meta property=\"og:locale\" content=\"fi_FI\" \/>\n<meta property=\"og:type\" content=\"article\" \/>\n<meta property=\"og:title\" content=\"Mika Lietzen: J\u00e4rven rannalla, radan varrella - Asema Kustannus\" \/>\n<meta property=\"og:description\" content=\"75 vuotta sitten J\u00e4rvenp\u00e4\u00e4n kyl\u00e4 aloitti matkansa nykyiseksi kaupungiksi. Mutta tarina alkoi jo aiemmin. T\u00e4m\u00e4 on kertomus siit\u00e4, miten er\u00e4maa muuttui asutuksi. Maatalouden uudistajasta, josta tuli taajaman rakentaja. Sinnikkyydest\u00e4, jonka seurauksena entisille pelloille nousi elinvoimainen yhdyskunta. Yritteli\u00e4isyydest\u00e4, joka synnytti ty\u00f6t\u00e4 ja osaamista. Inspiraatiosta, joka loi taidetta, sykett\u00e4 ja sinfoniaa. Ihmisist\u00e4, jotka rakensivat el\u00e4m\u00e4ns\u00e4 ja kotinsa t\u00e4nne j\u00e4rven rannalle, radan varrelle. T\u00e4m\u00e4 on j\u00e4rvenp\u00e4\u00e4l\u00e4isten tarina.\" \/>\n<meta property=\"og:url\" content=\"https:\/\/www.asemakustannus.com\/kauppa\/tuote\/mika-lietzen-jarven-rannalla-radan-varrella\/\" \/>\n<meta property=\"og:site_name\" content=\"Asema Kustannus\" \/>\n<meta property=\"article:publisher\" content=\"https:\/\/www.facebook.com\/asemakustannus\" \/>\n<meta property=\"article:modified_time\" content=\"2026-04-27T14:22:36+00:00\" \/>\n<meta property=\"og:image\" content=\"https:\/\/www.asemakustannus.com\/kauppa\/wp-content\/uploads\/2026\/04\/Jarvenrannalla_radanvarrella_kansi_RGB-scaled.jpg\" \/>\n\t<meta property=\"og:image:width\" content=\"1923\" \/>\n\t<meta property=\"og:image:height\" content=\"2560\" \/>\n\t<meta property=\"og:image:type\" content=\"image\/jpeg\" \/>\n<meta name=\"twitter:card\" content=\"summary_large_image\" \/>\n<meta name=\"twitter:site\" content=\"@asemakustannus\" \/>\n<meta name=\"twitter:label1\" content=\"Arvioitu lukuaika\" \/>\n\t<meta name=\"twitter:data1\" content=\"1 minuutti\" \/>\n<script type=\"application\/ld+json\" class=\"yoast-schema-graph\">{\"@context\":\"https:\\\/\\\/schema.org\",\"@graph\":[{\"@type\":\"WebPage\",\"@id\":\"https:\\\/\\\/www.asemakustannus.com\\\/kauppa\\\/tuote\\\/mika-lietzen-jarven-rannalla-radan-varrella\\\/\",\"url\":\"https:\\\/\\\/www.asemakustannus.com\\\/kauppa\\\/tuote\\\/mika-lietzen-jarven-rannalla-radan-varrella\\\/\",\"name\":\"Mika Lietzen: J\u00e4rven rannalla, radan varrella - Asema Kustannus\",\"isPartOf\":{\"@id\":\"https:\\\/\\\/www.asemakustannus.com\\\/kauppa\\\/#website\"},\"primaryImageOfPage\":{\"@id\":\"https:\\\/\\\/www.asemakustannus.com\\\/kauppa\\\/tuote\\\/mika-lietzen-jarven-rannalla-radan-varrella\\\/#primaryimage\"},\"image\":{\"@id\":\"https:\\\/\\\/www.asemakustannus.com\\\/kauppa\\\/tuote\\\/mika-lietzen-jarven-rannalla-radan-varrella\\\/#primaryimage\"},\"thumbnailUrl\":\"https:\\\/\\\/i0.wp.com\\\/www.asemakustannus.com\\\/kauppa\\\/wp-content\\\/uploads\\\/2026\\\/04\\\/Jarvenrannalla_radanvarrella_kansi_RGB-scaled.jpg?fit=1923%2C2560&ssl=1\",\"datePublished\":\"2026-04-27T14:12:26+00:00\",\"dateModified\":\"2026-04-27T14:22:36+00:00\",\"description\":\"75 vuotta sitten J\u00e4rvenp\u00e4\u00e4n kyl\u00e4 aloitti matkansa nykyiseksi kaupungiksi. Mutta tarina alkoi jo aiemmin. T\u00e4m\u00e4 on kertomus siit\u00e4, miten er\u00e4maa muuttui asutuksi. Maatalouden uudistajasta, josta tuli taajaman rakentaja. Sinnikkyydest\u00e4, jonka seurauksena entisille pelloille nousi elinvoimainen yhdyskunta. Yritteli\u00e4isyydest\u00e4, joka synnytti ty\u00f6t\u00e4 ja osaamista. Inspiraatiosta, joka loi taidetta, sykett\u00e4 ja sinfoniaa. Ihmisist\u00e4, jotka rakensivat el\u00e4m\u00e4ns\u00e4 ja kotinsa t\u00e4nne j\u00e4rven rannalle, radan varrelle. T\u00e4m\u00e4 on j\u00e4rvenp\u00e4\u00e4l\u00e4isten tarina.\",\"breadcrumb\":{\"@id\":\"https:\\\/\\\/www.asemakustannus.com\\\/kauppa\\\/tuote\\\/mika-lietzen-jarven-rannalla-radan-varrella\\\/#breadcrumb\"},\"inLanguage\":\"fi\",\"potentialAction\":[{\"@type\":\"ReadAction\",\"target\":[\"https:\\\/\\\/www.asemakustannus.com\\\/kauppa\\\/tuote\\\/mika-lietzen-jarven-rannalla-radan-varrella\\\/\"]}]},{\"@type\":\"ImageObject\",\"inLanguage\":\"fi\",\"@id\":\"https:\\\/\\\/www.asemakustannus.com\\\/kauppa\\\/tuote\\\/mika-lietzen-jarven-rannalla-radan-varrella\\\/#primaryimage\",\"url\":\"https:\\\/\\\/i0.wp.com\\\/www.asemakustannus.com\\\/kauppa\\\/wp-content\\\/uploads\\\/2026\\\/04\\\/Jarvenrannalla_radanvarrella_kansi_RGB-scaled.jpg?fit=1923%2C2560&ssl=1\",\"contentUrl\":\"https:\\\/\\\/i0.wp.com\\\/www.asemakustannus.com\\\/kauppa\\\/wp-content\\\/uploads\\\/2026\\\/04\\\/Jarvenrannalla_radanvarrella_kansi_RGB-scaled.jpg?fit=1923%2C2560&ssl=1\",\"width\":1923,\"height\":2560},{\"@type\":\"BreadcrumbList\",\"@id\":\"https:\\\/\\\/www.asemakustannus.com\\\/kauppa\\\/tuote\\\/mika-lietzen-jarven-rannalla-radan-varrella\\\/#breadcrumb\",\"itemListElement\":[{\"@type\":\"ListItem\",\"position\":1,\"name\":\"Home\",\"item\":\"https:\\\/\\\/www.asemakustannus.com\\\/kauppa\\\/\"},{\"@type\":\"ListItem\",\"position\":2,\"name\":\"Kauppa\",\"item\":\"https:\\\/\\\/www.asemakustannus.com\\\/kauppa\\\/kauppa\\\/\"},{\"@type\":\"ListItem\",\"position\":3,\"name\":\"Mika Lietzen: J\u00e4rven rannalla, radan varrella\"}]},{\"@type\":\"WebSite\",\"@id\":\"https:\\\/\\\/www.asemakustannus.com\\\/kauppa\\\/#website\",\"url\":\"https:\\\/\\\/www.asemakustannus.com\\\/kauppa\\\/\",\"name\":\"Asema Kustannus\",\"description\":\"Sarjakuvakauppa\",\"publisher\":{\"@id\":\"https:\\\/\\\/www.asemakustannus.com\\\/kauppa\\\/#organization\"},\"potentialAction\":[{\"@type\":\"SearchAction\",\"target\":{\"@type\":\"EntryPoint\",\"urlTemplate\":\"https:\\\/\\\/www.asemakustannus.com\\\/kauppa\\\/?s={search_term_string}\"},\"query-input\":{\"@type\":\"PropertyValueSpecification\",\"valueRequired\":true,\"valueName\":\"search_term_string\"}}],\"inLanguage\":\"fi\"},{\"@type\":\"Organization\",\"@id\":\"https:\\\/\\\/www.asemakustannus.com\\\/kauppa\\\/#organization\",\"name\":\"Asema Kustannus\",\"url\":\"https:\\\/\\\/www.asemakustannus.com\\\/kauppa\\\/\",\"logo\":{\"@type\":\"ImageObject\",\"inLanguage\":\"fi\",\"@id\":\"https:\\\/\\\/www.asemakustannus.com\\\/kauppa\\\/#\\\/schema\\\/logo\\\/image\\\/\",\"url\":\"https:\\\/\\\/www.asemakustannus.com\\\/kauppa\\\/wp-content\\\/uploads\\\/2021\\\/09\\\/181007768_141578281313342_8780310787852686686_n-1.jpeg\",\"contentUrl\":\"https:\\\/\\\/www.asemakustannus.com\\\/kauppa\\\/wp-content\\\/uploads\\\/2021\\\/09\\\/181007768_141578281313342_8780310787852686686_n-1.jpeg\",\"width\":300,\"height\":333,\"caption\":\"Asema Kustannus\"},\"image\":{\"@id\":\"https:\\\/\\\/www.asemakustannus.com\\\/kauppa\\\/#\\\/schema\\\/logo\\\/image\\\/\"},\"sameAs\":[\"https:\\\/\\\/www.facebook.com\\\/asemakustannus\",\"https:\\\/\\\/x.com\\\/asemakustannus\",\"https:\\\/\\\/www.instagram.com\\\/asemakustannus\\\/\"]}]}<\/script>\n<!-- \/ Yoast SEO plugin. -->","yoast_head_json":{"title":"Mika Lietzen: J\u00e4rven rannalla, radan varrella - Asema Kustannus","description":"75 vuotta sitten J\u00e4rvenp\u00e4\u00e4n kyl\u00e4 aloitti matkansa nykyiseksi kaupungiksi. Mutta tarina alkoi jo aiemmin. T\u00e4m\u00e4 on kertomus siit\u00e4, miten er\u00e4maa muuttui asutuksi. Maatalouden uudistajasta, josta tuli taajaman rakentaja. Sinnikkyydest\u00e4, jonka seurauksena entisille pelloille nousi elinvoimainen yhdyskunta. Yritteli\u00e4isyydest\u00e4, joka synnytti ty\u00f6t\u00e4 ja osaamista. Inspiraatiosta, joka loi taidetta, sykett\u00e4 ja sinfoniaa. Ihmisist\u00e4, jotka rakensivat el\u00e4m\u00e4ns\u00e4 ja kotinsa t\u00e4nne j\u00e4rven rannalle, radan varrelle. T\u00e4m\u00e4 on j\u00e4rvenp\u00e4\u00e4l\u00e4isten tarina.","robots":{"index":"index","follow":"follow","max-snippet":"max-snippet:-1","max-image-preview":"max-image-preview:large","max-video-preview":"max-video-preview:-1"},"canonical":"https:\/\/www.asemakustannus.com\/kauppa\/tuote\/mika-lietzen-jarven-rannalla-radan-varrella\/","og_locale":"fi_FI","og_type":"article","og_title":"Mika Lietzen: J\u00e4rven rannalla, radan varrella - Asema Kustannus","og_description":"75 vuotta sitten J\u00e4rvenp\u00e4\u00e4n kyl\u00e4 aloitti matkansa nykyiseksi kaupungiksi. Mutta tarina alkoi jo aiemmin. T\u00e4m\u00e4 on kertomus siit\u00e4, miten er\u00e4maa muuttui asutuksi. Maatalouden uudistajasta, josta tuli taajaman rakentaja. Sinnikkyydest\u00e4, jonka seurauksena entisille pelloille nousi elinvoimainen yhdyskunta. Yritteli\u00e4isyydest\u00e4, joka synnytti ty\u00f6t\u00e4 ja osaamista. Inspiraatiosta, joka loi taidetta, sykett\u00e4 ja sinfoniaa. Ihmisist\u00e4, jotka rakensivat el\u00e4m\u00e4ns\u00e4 ja kotinsa t\u00e4nne j\u00e4rven rannalle, radan varrelle. T\u00e4m\u00e4 on j\u00e4rvenp\u00e4\u00e4l\u00e4isten tarina.","og_url":"https:\/\/www.asemakustannus.com\/kauppa\/tuote\/mika-lietzen-jarven-rannalla-radan-varrella\/","og_site_name":"Asema Kustannus","article_publisher":"https:\/\/www.facebook.com\/asemakustannus","article_modified_time":"2026-04-27T14:22:36+00:00","og_image":[{"width":1923,"height":2560,"url":"https:\/\/www.asemakustannus.com\/kauppa\/wp-content\/uploads\/2026\/04\/Jarvenrannalla_radanvarrella_kansi_RGB-scaled.jpg","type":"image\/jpeg"}],"twitter_card":"summary_large_image","twitter_site":"@asemakustannus","twitter_misc":{"Arvioitu lukuaika":"1 minuutti"},"schema":{"@context":"https:\/\/schema.org","@graph":[{"@type":"WebPage","@id":"https:\/\/www.asemakustannus.com\/kauppa\/tuote\/mika-lietzen-jarven-rannalla-radan-varrella\/","url":"https:\/\/www.asemakustannus.com\/kauppa\/tuote\/mika-lietzen-jarven-rannalla-radan-varrella\/","name":"Mika Lietzen: J\u00e4rven rannalla, radan varrella - Asema Kustannus","isPartOf":{"@id":"https:\/\/www.asemakustannus.com\/kauppa\/#website"},"primaryImageOfPage":{"@id":"https:\/\/www.asemakustannus.com\/kauppa\/tuote\/mika-lietzen-jarven-rannalla-radan-varrella\/#primaryimage"},"image":{"@id":"https:\/\/www.asemakustannus.com\/kauppa\/tuote\/mika-lietzen-jarven-rannalla-radan-varrella\/#primaryimage"},"thumbnailUrl":"https:\/\/i0.wp.com\/www.asemakustannus.com\/kauppa\/wp-content\/uploads\/2026\/04\/Jarvenrannalla_radanvarrella_kansi_RGB-scaled.jpg?fit=1923%2C2560&ssl=1","datePublished":"2026-04-27T14:12:26+00:00","dateModified":"2026-04-27T14:22:36+00:00","description":"75 vuotta sitten J\u00e4rvenp\u00e4\u00e4n kyl\u00e4 aloitti matkansa nykyiseksi kaupungiksi. Mutta tarina alkoi jo aiemmin. T\u00e4m\u00e4 on kertomus siit\u00e4, miten er\u00e4maa muuttui asutuksi. Maatalouden uudistajasta, josta tuli taajaman rakentaja. Sinnikkyydest\u00e4, jonka seurauksena entisille pelloille nousi elinvoimainen yhdyskunta. Yritteli\u00e4isyydest\u00e4, joka synnytti ty\u00f6t\u00e4 ja osaamista. Inspiraatiosta, joka loi taidetta, sykett\u00e4 ja sinfoniaa. Ihmisist\u00e4, jotka rakensivat el\u00e4m\u00e4ns\u00e4 ja kotinsa t\u00e4nne j\u00e4rven rannalle, radan varrelle. T\u00e4m\u00e4 on j\u00e4rvenp\u00e4\u00e4l\u00e4isten tarina.","breadcrumb":{"@id":"https:\/\/www.asemakustannus.com\/kauppa\/tuote\/mika-lietzen-jarven-rannalla-radan-varrella\/#breadcrumb"},"inLanguage":"fi","potentialAction":[{"@type":"ReadAction","target":["https:\/\/www.asemakustannus.com\/kauppa\/tuote\/mika-lietzen-jarven-rannalla-radan-varrella\/"]}]},{"@type":"ImageObject","inLanguage":"fi","@id":"https:\/\/www.asemakustannus.com\/kauppa\/tuote\/mika-lietzen-jarven-rannalla-radan-varrella\/#primaryimage","url":"https:\/\/i0.wp.com\/www.asemakustannus.com\/kauppa\/wp-content\/uploads\/2026\/04\/Jarvenrannalla_radanvarrella_kansi_RGB-scaled.jpg?fit=1923%2C2560&ssl=1","contentUrl":"https:\/\/i0.wp.com\/www.asemakustannus.com\/kauppa\/wp-content\/uploads\/2026\/04\/Jarvenrannalla_radanvarrella_kansi_RGB-scaled.jpg?fit=1923%2C2560&ssl=1","width":1923,"height":2560},{"@type":"BreadcrumbList","@id":"https:\/\/www.asemakustannus.com\/kauppa\/tuote\/mika-lietzen-jarven-rannalla-radan-varrella\/#breadcrumb","itemListElement":[{"@type":"ListItem","position":1,"name":"Home","item":"https:\/\/www.asemakustannus.com\/kauppa\/"},{"@type":"ListItem","position":2,"name":"Kauppa","item":"https:\/\/www.asemakustannus.com\/kauppa\/kauppa\/"},{"@type":"ListItem","position":3,"name":"Mika Lietzen: J\u00e4rven rannalla, radan varrella"}]},{"@type":"WebSite","@id":"https:\/\/www.asemakustannus.com\/kauppa\/#website","url":"https:\/\/www.asemakustannus.com\/kauppa\/","name":"Asema Kustannus","description":"Sarjakuvakauppa","publisher":{"@id":"https:\/\/www.asemakustannus.com\/kauppa\/#organization"},"potentialAction":[{"@type":"SearchAction","target":{"@type":"EntryPoint","urlTemplate":"https:\/\/www.asemakustannus.com\/kauppa\/?s={search_term_string}"},"query-input":{"@type":"PropertyValueSpecification","valueRequired":true,"valueName":"search_term_string"}}],"inLanguage":"fi"},{"@type":"Organization","@id":"https:\/\/www.asemakustannus.com\/kauppa\/#organization","name":"Asema Kustannus","url":"https:\/\/www.asemakustannus.com\/kauppa\/","logo":{"@type":"ImageObject","inLanguage":"fi","@id":"https:\/\/www.asemakustannus.com\/kauppa\/#\/schema\/logo\/image\/","url":"https:\/\/www.asemakustannus.com\/kauppa\/wp-content\/uploads\/2021\/09\/181007768_141578281313342_8780310787852686686_n-1.jpeg","contentUrl":"https:\/\/www.asemakustannus.com\/kauppa\/wp-content\/uploads\/2021\/09\/181007768_141578281313342_8780310787852686686_n-1.jpeg","width":300,"height":333,"caption":"Asema Kustannus"},"image":{"@id":"https:\/\/www.asemakustannus.com\/kauppa\/#\/schema\/logo\/image\/"},"sameAs":["https:\/\/www.facebook.com\/asemakustannus","https:\/\/x.com\/asemakustannus","https:\/\/www.instagram.com\/asemakustannus\/"]}]}},"jetpack_sharing_enabled":true,"_links":{"self":[{"href":"https:\/\/www.asemakustannus.com\/kauppa\/wp-json\/wp\/v2\/product\/968","targetHints":{"allow":["GET"]}}],"collection":[{"href":"https:\/\/www.asemakustannus.com\/kauppa\/wp-json\/wp\/v2\/product"}],"about":[{"href":"https:\/\/www.asemakustannus.com\/kauppa\/wp-json\/wp\/v2\/types\/product"}],"wp:featuredmedia":[{"embeddable":true,"href":"https:\/\/www.asemakustannus.com\/kauppa\/wp-json\/wp\/v2\/media\/969"}],"wp:attachment":[{"href":"https:\/\/www.asemakustannus.com\/kauppa\/wp-json\/wp\/v2\/media?parent=968"}],"wp:term":[{"taxonomy":"product_brand","embeddable":true,"href":"https:\/\/www.asemakustannus.com\/kauppa\/wp-json\/wp\/v2\/product_brand?post=968"},{"taxonomy":"product_cat","embeddable":true,"href":"https:\/\/www.asemakustannus.com\/kauppa\/wp-json\/wp\/v2\/product_cat?post=968"},{"taxonomy":"product_tag","embeddable":true,"href":"https:\/\/www.asemakustannus.com\/kauppa\/wp-json\/wp\/v2\/product_tag?post=968"}],"curies":[{"name":"wp","href":"https:\/\/api.w.org\/{rel}","templated":true}]}}